{"id":500,"date":"2025-12-05T17:41:02","date_gmt":"2025-12-05T23:41:02","guid":{"rendered":"https:\/\/acfdstg.wpenginepowered.com\/formation-passerelle-vers-la-pratique-dentaire-au-canada\/"},"modified":"2026-03-01T23:32:54","modified_gmt":"2026-03-02T05:32:54","slug":"formation-passerelle-vers-la-pratique-dentaire-au-canada","status":"publish","type":"page","link":"https:\/\/acfd.ca\/fr\/formation-passerelle-vers-la-pratique-dentaire-au-canada\/","title":{"rendered":"Formation passerelle vers la pratique dentaire au Canada"},"content":{"rendered":"[vc_row type=&#8221;in_container&#8221; full_screen_row_position=&#8221;middle&#8221; column_margin=&#8221;default&#8221; column_direction=&#8221;default&#8221; column_direction_tablet=&#8221;default&#8221; column_direction_phone=&#8221;default&#8221; scene_position=&#8221;center&#8221; top_padding=&#8221;0&#8243; bottom_padding=&#8221;0&#8243; top_padding_tablet=&#8221;0&#8243; bottom_padding_tablet=&#8221;0&#8243; top_padding_phone=&#8221;0&#8243; bottom_padding_phone=&#8221;0&#8243; top_margin=&#8221;0&#8243; bottom_margin=&#8221;0&#8243; top_margin_tablet=&#8221;0&#8243; bottom_margin_tablet=&#8221;0&#8243; top_margin_phone=&#8221;0&#8243; bottom_margin_phone=&#8221;0&#8243; text_color=&#8221;dark&#8221; text_align=&#8221;left&#8221; row_border_radius=&#8221;none&#8221; row_border_radius_applies=&#8221;bg&#8221; row_position_desktop=&#8221;default&#8221; row_position_tablet=&#8221;inherit&#8221; row_position_phone=&#8221;inherit&#8221; overflow=&#8221;visible&#8221; overlay_strength=&#8221;0.3&#8243; gradient_direction=&#8221;left_to_right&#8221; shape_divider_position=&#8221;bottom&#8221; bg_image_animation=&#8221;none&#8221; gradient_type=&#8221;default&#8221; shape_type=&#8221;&#8221;][vc_column column_padding=&#8221;no-extra-padding&#8221; column_padding_tablet=&#8221;inherit&#8221; column_padding_phone=&#8221;inherit&#8221; column_padding_position=&#8221;all&#8221; top_margin=&#8221;0&#8243; bottom_margin=&#8221;0&#8243; left_margin=&#8221;0&#8243; right_margin=&#8221;0&#8243; top_margin_tablet=&#8221;0&#8243; bottom_margin_tablet=&#8221;0&#8243; left_margin_tablet=&#8221;0&#8243; right_margin_tablet=&#8221;0&#8243; top_margin_phone=&#8221;0&#8243; bottom_margin_phone=&#8221;0&#8243; left_margin_phone=&#8221;0&#8243; right_margin_phone=&#8221;0&#8243; flex_gap_desktop=&#8221;10px&#8221; column_element_direction_desktop=&#8221;default&#8221; column_element_spacing=&#8221;0px&#8221; desktop_text_alignment=&#8221;default&#8221; tablet_text_alignment=&#8221;default&#8221; phone_text_alignment=&#8221;default&#8221; background_color_opacity=&#8221;1&#8243; background_hover_color_opacity=&#8221;1&#8243; column_backdrop_filter=&#8221;none&#8221; column_shadow=&#8221;none&#8221; column_border_radius=&#8221;none&#8221; column_link_target=&#8221;_self&#8221; column_position=&#8221;default&#8221; gradient_direction=&#8221;left_to_right&#8221; overlay_strength=&#8221;0.3&#8243; width=&#8221;1\/1&#8243; tablet_width_inherit=&#8221;default&#8221; animation_type=&#8221;default&#8221; bg_image_animation=&#8221;none&#8221; border_type=&#8221;simple&#8221; column_border_width=&#8221;none&#8221; column_border_style=&#8221;solid&#8221; column_padding_type=&#8221;default&#8221; gradient_type=&#8221;default&#8221;][image_with_animation image_url=&#8221;79&#8243; image_size=&#8221;full&#8221; max_width=&#8221;100%&#8221; max_width_mobile=&#8221;default&#8221; animation_type=&#8221;entrance&#8221; animation=&#8221;None&#8221; animation_movement_type=&#8221;transform_y&#8221; hover_animation=&#8221;none&#8221; constrain_group_3=&#8221;yes&#8221; constrain_group_4=&#8221;yes&#8221; constrain_group_5=&#8221;yes&#8221; constrain_group_6=&#8221;yes&#8221; alignment=&#8221;center&#8221; border_radius=&#8221;none&#8221; box_shadow=&#8221;none&#8221; image_loading=&#8221;default&#8221; margin_top=&#8221;0&#8243; margin_bottom=&#8221;0&#8243; margin_left=&#8221;0&#8243; margin_right=&#8221;0&#8243; margin_top_tablet=&#8221;0&#8243; margin_bottom_tablet=&#8221;0&#8243; margin_left_tablet=&#8221;0&#8243; margin_right_tablet=&#8221;0&#8243; margin_top_phone=&#8221;0&#8243; margin_bottom_phone=&#8221;0&#8243; margin_left_phone=&#8221;0&#8243;][vc_row_inner equal_height=&#8221;yes&#8221; content_placement=&#8221;middle&#8221; column_margin=&#8221;none&#8221; column_direction=&#8221;default&#8221; column_direction_tablet=&#8221;default&#8221; column_direction_phone=&#8221;default&#8221; top_padding=&#8221;0&#8243; bottom_padding=&#8221;0&#8243; left_padding_desktop=&#8221;0&#8243; right_padding_desktop=&#8221;0&#8243; top_padding_tablet=&#8221;0&#8243; bottom_padding_tablet=&#8221;0&#8243; left_padding_tablet=&#8221;0&#8243; right_padding_tablet=&#8221;0&#8243; top_padding_phone=&#8221;0&#8243; bottom_padding_phone=&#8221;0&#8243; left_padding_phone=&#8221;0&#8243; right_padding_phone=&#8221;0&#8243; text_align=&#8221;left&#8221; row_position=&#8221;default&#8221; row_position_tablet=&#8221;inherit&#8221; row_position_phone=&#8221;inherit&#8221; overflow=&#8221;visible&#8221; pointer_events=&#8221;all&#8221; css=&#8221;.vc_custom_1734370732416{background-color: #704264 !important;}&#8221;][vc_column_inner top_padding_desktop=&#8221;0&#8243; bottom_padding_desktop=&#8221;0&#8243; left_padding_desktop=&#8221;90px&#8221; right_padding_desktop=&#8221;0&#8243; top_padding_tablet=&#8221;0&#8243; bottom_padding_tablet=&#8221;0&#8243; left_padding_tablet=&#8221;90px&#8221; right_padding_tablet=&#8221;90px&#8221; top_padding_phone=&#8221;0&#8243; bottom_padding_phone=&#8221;0&#8243; left_padding_phone=&#8221;30px&#8221; constrain_group_105=&#8221;yes&#8221; right_padding_phone=&#8221;30px&#8221; top_margin=&#8221;0&#8243; bottom_margin=&#8221;0&#8243; left_margin=&#8221;0&#8243; right_margin=&#8221;0&#8243; flex_gap_desktop=&#8221;10px&#8221; column_element_direction_desktop=&#8221;default&#8221; column_element_spacing=&#8221;default&#8221; desktop_text_alignment=&#8221;default&#8221; tablet_text_alignment=&#8221;default&#8221; phone_text_alignment=&#8221;default&#8221; background_color_opacity=&#8221;1&#8243; background_hover_color_opacity=&#8221;1&#8243; column_backdrop_filter=&#8221;none&#8221; font_color=&#8221;#ffffff&#8221; column_shadow=&#8221;none&#8221; column_border_radius=&#8221;none&#8221; column_link_target=&#8221;_self&#8221; overflow=&#8221;visible&#8221; gradient_direction=&#8221;left_to_right&#8221; overlay_strength=&#8221;0.3&#8243; width=&#8221;1\/1&#8243; tablet_width_inherit=&#8221;default&#8221; animation_type=&#8221;default&#8221; bg_image_animation=&#8221;none&#8221; border_type=&#8221;simple&#8221; column_border_width=&#8221;none&#8221; column_border_style=&#8221;solid&#8221; column_padding_type=&#8221;advanced&#8221; gradient_type=&#8221;default&#8221;][vc_column_text css=&#8221;&#8221; el_class=&#8221;acfd-page-title&#8221; text_direction=&#8221;default&#8221;]Programmes de formation<\/p>\n<h4>Formation passerelle vers la pratique dentaire au Canada<\/h4>\n[\/vc_column_text][\/vc_column_inner][\/vc_row_inner][image_with_animation image_url=&#8221;78&#8243; image_size=&#8221;full&#8221; max_width=&#8221;100%&#8221; max_width_mobile=&#8221;default&#8221; animation_type=&#8221;entrance&#8221; animation=&#8221;None&#8221; animation_movement_type=&#8221;transform_y&#8221; hover_animation=&#8221;none&#8221; alignment=&#8221;center&#8221; border_radius=&#8221;none&#8221; box_shadow=&#8221;none&#8221; image_loading=&#8221;default&#8221; margin_top=&#8221;0&#8243; margin_bottom=&#8221;0&#8243; margin_left=&#8221;0&#8243; margin_right=&#8221;0&#8243;][\/vc_column][\/vc_row][vc_row type=&#8221;in_container&#8221; full_screen_row_position=&#8221;middle&#8221; column_margin=&#8221;80px&#8221; column_direction=&#8221;default&#8221; column_direction_tablet=&#8221;default&#8221; column_direction_phone=&#8221;column_reverse&#8221; scene_position=&#8221;center&#8221; text_color=&#8221;dark&#8221; text_align=&#8221;left&#8221; row_border_radius=&#8221;none&#8221; row_border_radius_applies=&#8221;bg&#8221; row_position_desktop=&#8221;default&#8221; row_position_tablet=&#8221;inherit&#8221; row_position_phone=&#8221;inherit&#8221; overflow=&#8221;visible&#8221; class=&#8221;acfd-main-content&#8221; overlay_strength=&#8221;0.3&#8243; gradient_direction=&#8221;left_to_right&#8221; shape_divider_position=&#8221;bottom&#8221; bg_image_animation=&#8221;none&#8221; gradient_type=&#8221;default&#8221; shape_type=&#8221;&#8221;][vc_column column_padding=&#8221;no-extra-padding&#8221; column_padding_tablet=&#8221;inherit&#8221; column_padding_phone=&#8221;inherit&#8221; column_padding_position=&#8221;all&#8221; flex_gap_desktop=&#8221;10px&#8221; column_element_direction_desktop=&#8221;default&#8221; column_element_spacing=&#8221;default&#8221; desktop_text_alignment=&#8221;default&#8221; tablet_text_alignment=&#8221;default&#8221; phone_text_alignment=&#8221;default&#8221; background_color_opacity=&#8221;1&#8243; background_hover_color_opacity=&#8221;1&#8243; column_backdrop_filter=&#8221;none&#8221; column_shadow=&#8221;none&#8221; column_border_radius=&#8221;none&#8221; column_link_target=&#8221;_self&#8221; column_position=&#8221;default&#8221; gradient_direction=&#8221;left_to_right&#8221; overlay_strength=&#8221;0.3&#8243; width=&#8221;2\/3&#8243; tablet_width_inherit=&#8221;default&#8221; animation_type=&#8221;default&#8221; bg_image_animation=&#8221;none&#8221; border_type=&#8221;simple&#8221; column_border_width=&#8221;none&#8221; column_border_style=&#8221;solid&#8221;][vc_column_text css=&#8221;&#8221; text_direction=&#8221;default&#8221;]\n<h1>Les candidatures pour la deuxi\u00e8me promotion ont cl\u00f4tur\u00e9es le 28 f\u00e9vrier 2026. <a href=\"https:\/\/acfd.ca\/fr\/programmes-de-formation\/programme-fppdc\/liste-de-diffusion\/\">Inscrivez-vous \u00e0 notre liste de diffusion<\/a> pour \u00eatre inform\u00e9 des prochaines dates de candidature.<\/h1>\n<h2>\u00c0 propos du programme<\/h2>\n[\/vc_column_text][vc_row_inner column_margin=&#8221;default&#8221; column_direction=&#8221;default&#8221; column_direction_tablet=&#8221;default&#8221; column_direction_phone=&#8221;default&#8221; text_align=&#8221;left&#8221; row_position=&#8221;default&#8221; row_position_tablet=&#8221;inherit&#8221; row_position_phone=&#8221;inherit&#8221; overflow=&#8221;visible&#8221; pointer_events=&#8221;all&#8221;][vc_column_inner column_padding=&#8221;no-extra-padding&#8221; column_padding_tablet=&#8221;inherit&#8221; column_padding_phone=&#8221;inherit&#8221; column_padding_position=&#8221;all&#8221; flex_gap_desktop=&#8221;10px&#8221; column_element_direction_desktop=&#8221;default&#8221; column_element_spacing=&#8221;default&#8221; desktop_text_alignment=&#8221;default&#8221; tablet_text_alignment=&#8221;default&#8221; phone_text_alignment=&#8221;default&#8221; background_color_opacity=&#8221;1&#8243; background_hover_color_opacity=&#8221;1&#8243; column_backdrop_filter=&#8221;none&#8221; column_shadow=&#8221;none&#8221; column_border_radius=&#8221;none&#8221; column_link_target=&#8221;_self&#8221; overflow=&#8221;visible&#8221; gradient_direction=&#8221;left_to_right&#8221; overlay_strength=&#8221;0.3&#8243; width=&#8221;2\/3&#8243; tablet_width_inherit=&#8221;default&#8221; animation_type=&#8221;default&#8221; bg_image_animation=&#8221;none&#8221; border_type=&#8221;simple&#8221; column_border_width=&#8221;none&#8221; column_border_style=&#8221;solid&#8221;][vc_column_text css=&#8221;&#8221; text_direction=&#8221;default&#8221;]Ce programme s&#8217;adresse aux dentistes form\u00e9s \u00e0 l&#8217;\u00e9tranger qui suivent le processus d&#8217;\u00e9quivalence pour obtenir une licence de dentiste g\u00e9n\u00e9raliste au Canada et qui n&#8217;ont pas encore r\u00e9ussi l&#8217;examen dentaire national de comp\u00e9tence clinique (NDECC).<\/p>\n<p>Ce nouveau programme se d\u00e9roule sur trois sites :<\/p>\n<ul>\n<li aria-level=\"1\">En Alberta \u00e0 l\u2019Universit\u00e9 de l\u2019Alberta, en anglais<\/li>\n<li aria-level=\"1\">En Nouvelle-\u00c9cosse \u00e0 l\u2019Universit\u00e9 Dalhousie, en anglais<\/li>\n<li aria-level=\"1\">Au Qu\u00e9bec \u00e0 l\u2019Universit\u00e9 Laval, en fran\u00e7ais*<\/li>\n<\/ul>\n[\/vc_column_text][vc_column_text css=&#8221;&#8221; el_class=&#8221;acfd-mice&#8221; text_direction=&#8221;default&#8221;]*Bien que le cours soit dispens\u00e9 en fran\u00e7ais, une connaissance minimale de l&#8217;anglais est requise. **Les places sont attribu\u00e9es de mani\u00e8re comp\u00e9titive, et non dans l&#8217;ordre de r\u00e9ception. ***Les horaires des cours peuvent varier d&#8217;une semaine \u00e0 l&#8217;autre.[\/vc_column_text][\/vc_column_inner][vc_column_inner column_padding=&#8221;no-extra-padding&#8221; column_padding_tablet=&#8221;inherit&#8221; column_padding_phone=&#8221;inherit&#8221; column_padding_position=&#8221;all&#8221; flex_gap_desktop=&#8221;10px&#8221; column_element_direction_desktop=&#8221;default&#8221; column_element_spacing=&#8221;default&#8221; desktop_text_alignment=&#8221;default&#8221; tablet_text_alignment=&#8221;default&#8221; phone_text_alignment=&#8221;default&#8221; background_color_opacity=&#8221;1&#8243; background_hover_color_opacity=&#8221;1&#8243; column_backdrop_filter=&#8221;none&#8221; column_shadow=&#8221;none&#8221; column_border_radius=&#8221;none&#8221; column_link_target=&#8221;_self&#8221; overflow=&#8221;visible&#8221; gradient_direction=&#8221;left_to_right&#8221; overlay_strength=&#8221;0.3&#8243; width=&#8221;1\/3&#8243; tablet_width_inherit=&#8221;default&#8221; animation_type=&#8221;default&#8221; bg_image_animation=&#8221;none&#8221; border_type=&#8221;simple&#8221; column_border_width=&#8221;none&#8221; column_border_style=&#8221;solid&#8221;][vc_column_text css=&#8221;&#8221; text_direction=&#8221;default&#8221;]\n<p style=\"padding-bottom: 0!important;\"><strong>Faits marquants<\/strong><\/p>\n<ul>\n<li>Jusqu&#8217;\u00e0 8 mois<\/li>\n<li>1 accueil d&#8217;\u00e9tudiants par an**<\/li>\n<li>9 modules de base<\/li>\n<li>4 modules individualis\u00e9s (variables)<\/li>\n<li>Temps plein, en semaine***<\/li>\n<li>En personne<\/li>\n<li>Jusqu&#8217;\u00e0 10 \u00e9tudiants par site<\/li>\n<\/ul>\n[\/vc_column_text][\/vc_column_inner][\/vc_row_inner][vc_row_inner column_margin=&#8221;default&#8221; column_direction=&#8221;default&#8221; column_direction_tablet=&#8221;default&#8221; column_direction_phone=&#8221;default&#8221; text_align=&#8221;left&#8221; row_position=&#8221;default&#8221; row_position_tablet=&#8221;inherit&#8221; row_position_phone=&#8221;inherit&#8221; overflow=&#8221;visible&#8221; pointer_events=&#8221;all&#8221; el_id=&#8221;eligibility&#8221;][vc_column_inner column_padding=&#8221;no-extra-padding&#8221; column_padding_tablet=&#8221;inherit&#8221; column_padding_phone=&#8221;inherit&#8221; column_padding_position=&#8221;all&#8221; flex_gap_desktop=&#8221;10px&#8221; column_element_direction_desktop=&#8221;default&#8221; column_element_spacing=&#8221;default&#8221; desktop_text_alignment=&#8221;default&#8221; tablet_text_alignment=&#8221;default&#8221; phone_text_alignment=&#8221;default&#8221; background_color_opacity=&#8221;1&#8243; background_hover_color_opacity=&#8221;1&#8243; column_backdrop_filter=&#8221;none&#8221; column_shadow=&#8221;none&#8221; column_border_radius=&#8221;none&#8221; column_link_target=&#8221;_self&#8221; overflow=&#8221;visible&#8221; gradient_direction=&#8221;left_to_right&#8221; overlay_strength=&#8221;0.3&#8243; width=&#8221;1\/1&#8243; tablet_width_inherit=&#8221;default&#8221; animation_type=&#8221;default&#8221; bg_image_animation=&#8221;none&#8221; border_type=&#8221;simple&#8221; column_border_width=&#8221;none&#8221; column_border_style=&#8221;solid&#8221;][divider line_type=&#8221;Full Width Line&#8221; line_thickness=&#8221;1&#8243; divider_color=&#8221;default&#8221; custom_height=&#8221;65px&#8221;][vc_column_text css=&#8221;&#8221; text_direction=&#8221;default&#8221;]\n<h2>Admissibilit\u00e9\u00a0\u00e0 la demande<\/h2>\n[\/vc_column_text]<div class=\"iwithtext\"><div class=\"iwt-icon\"> <i class=\"icon-default-style fa fa-exclamation-circle accent-color\"><\/i> <\/div><div class=\"iwt-text\"> <strong>Notre statut d&#8217;accr\u00e9ditation pr\u00e9liminaire nous permet d&#8217;\u00e9largir nos crit\u00e8res d&#8217;admissibilit\u00e9.<\/strong> \u00c0 compter de maintenant, la p\u00e9riode de validit\u00e9 de l&#8217;\u00e9valuation des connaissances fondamentales (\u00c9CF) et de l&#8217;\u00e9valuation du jugement clinique (\u00c9JC) a \u00e9t\u00e9 prolong\u00e9e. Vous \u00eates d\u00e9sormais admissible si vous avez r\u00e9ussi ces \u00e9valuations dans les soixante mois (5 ans) pr\u00e9c\u00e9dant la date limite de d\u00e9p\u00f4t des demandes au FPPDC, soit une augmentation par rapport \u00e0 la limite pr\u00e9c\u00e9dente de trois ans. <\/div><div class=\"clear\"><\/div><\/div>[vc_column_text css=&#8221;&#8221; text_direction=&#8221;default&#8221;]Pour \u00eatre \u00e9ligible, vous devez<\/p>\n<ul>\n<li aria-level=\"1\">\u00catre dipl\u00f4m\u00e9 d\u2019un programme dentaire universitaire d\u2019au moins quatre ans non reconnu par la CADC<\/li>\n<li>\u00catre citoyen canadien ou r\u00e9sident permanent du Canada, \u00eatre un r\u00e9fugi\u00e9 au sens de la Convention ayant re\u00e7u un avis de d\u00e9cision du Canada ou \u00eatre une personne prot\u00e9g\u00e9e au Canada, au plus tard \u00e0 la date limite de d\u00e9p\u00f4t des candidatures.<\/li>\n<li>Avoir r\u00e9ussi, dans les soixante (60) mois pr\u00e9c\u00e9dant la date limite de d\u00e9p\u00f4t des candidatures, ces examens :\n<ul>\n<li>\u00c9valuation des connaissances fondamentales (\u00c9CF)<\/li>\n<li>\u00c9valuation du jugement clinique (\u00c9JC)<\/li>\n<\/ul>\n<\/li>\n<\/ul>\n<p>Les dates des prochains examens \u00c9CF et \u00c9JC peuvent \u00eatre consult\u00e9es sur le <a href=\"https:\/\/ndeb-bned.ca\/equivalency-process\/entry-to-practice-graduates-of-non-accredited-dental-programs-2\/\" target=\"_blank\" rel=\"noopener\">site du Bureau national d&#8217;examen dentaire du Canada (BNED)<\/a>.[\/vc_column_text][\/vc_column_inner][\/vc_row_inner][vc_row_inner column_margin=&#8221;default&#8221; column_direction=&#8221;default&#8221; column_direction_tablet=&#8221;default&#8221; column_direction_phone=&#8221;default&#8221; text_align=&#8221;left&#8221; row_position=&#8221;default&#8221; row_position_tablet=&#8221;inherit&#8221; row_position_phone=&#8221;inherit&#8221; overflow=&#8221;visible&#8221; pointer_events=&#8221;all&#8221; el_id=&#8221;licensure-after-completion&#8221;][vc_column_inner column_padding=&#8221;no-extra-padding&#8221; column_padding_tablet=&#8221;inherit&#8221; column_padding_phone=&#8221;inherit&#8221; column_padding_position=&#8221;all&#8221; flex_gap_desktop=&#8221;10px&#8221; column_element_direction_desktop=&#8221;default&#8221; column_element_spacing=&#8221;default&#8221; desktop_text_alignment=&#8221;default&#8221; tablet_text_alignment=&#8221;default&#8221; phone_text_alignment=&#8221;default&#8221; background_color_opacity=&#8221;1&#8243; background_hover_color_opacity=&#8221;1&#8243; column_backdrop_filter=&#8221;none&#8221; column_shadow=&#8221;none&#8221; column_border_radius=&#8221;none&#8221; column_link_target=&#8221;_self&#8221; overflow=&#8221;visible&#8221; gradient_direction=&#8221;left_to_right&#8221; overlay_strength=&#8221;0.3&#8243; width=&#8221;1\/1&#8243; tablet_width_inherit=&#8221;default&#8221; animation_type=&#8221;default&#8221; bg_image_animation=&#8221;none&#8221; border_type=&#8221;simple&#8221; column_border_width=&#8221;none&#8221; column_border_style=&#8221;solid&#8221;][divider line_type=&#8221;Full Width Line&#8221; line_thickness=&#8221;1&#8243; divider_color=&#8221;default&#8221; custom_height=&#8221;65px&#8221;][vc_column_text css=&#8221;&#8221; text_direction=&#8221;default&#8221;]\n<h2>Information sur la prochaine prise en charge<\/h2>\n<p>Les candidatures pour la deuxi\u00e8me promotion sont ouvertes. <a href=\"https:\/\/acfd.ca\/fr\/programmes-de-formation\/programme-fppdc\/demande-en-ligne\/\">Postulez ici<\/a>.[\/vc_column_text][\/vc_column_inner][\/vc_row_inner][vc_row_inner column_margin=&#8221;default&#8221; column_direction=&#8221;default&#8221; column_direction_tablet=&#8221;default&#8221; column_direction_phone=&#8221;default&#8221; text_align=&#8221;left&#8221; row_position=&#8221;default&#8221; row_position_tablet=&#8221;inherit&#8221; row_position_phone=&#8221;inherit&#8221; overflow=&#8221;visible&#8221; pointer_events=&#8221;all&#8221; el_id=&#8221;why-study-with-us&#8221;][vc_column_inner column_padding=&#8221;no-extra-padding&#8221; column_padding_tablet=&#8221;inherit&#8221; column_padding_phone=&#8221;inherit&#8221; column_padding_position=&#8221;all&#8221; flex_gap_desktop=&#8221;10px&#8221; column_element_direction_desktop=&#8221;default&#8221; column_element_spacing=&#8221;default&#8221; desktop_text_alignment=&#8221;default&#8221; tablet_text_alignment=&#8221;default&#8221; phone_text_alignment=&#8221;default&#8221; background_color_opacity=&#8221;1&#8243; background_hover_color_opacity=&#8221;1&#8243; column_backdrop_filter=&#8221;none&#8221; column_shadow=&#8221;none&#8221; column_border_radius=&#8221;none&#8221; column_link_target=&#8221;_self&#8221; overflow=&#8221;visible&#8221; gradient_direction=&#8221;left_to_right&#8221; overlay_strength=&#8221;0.3&#8243; width=&#8221;1\/1&#8243; tablet_width_inherit=&#8221;default&#8221; animation_type=&#8221;default&#8221; bg_image_animation=&#8221;none&#8221; border_type=&#8221;simple&#8221; column_border_width=&#8221;none&#8221; column_border_style=&#8221;solid&#8221;][divider line_type=&#8221;Full Width Line&#8221; line_thickness=&#8221;1&#8243; divider_color=&#8221;default&#8221; custom_height=&#8221;65px&#8221;][vc_column_text css=&#8221;&#8221; text_direction=&#8221;default&#8221;]\n<h2>Pourquoi \u00e9tudier avec nous ?<\/h2>\n<p>Notre programme est soutenu par des universit\u00e9s et offre un parcours strat\u00e9gique vers l&#8217;exercice de la dentisterie au Canada. Alors que de nombreux dentistes form\u00e9s \u00e0 l&#8217;\u00e9tranger (DFE) doivent encore passer l\u2019EDNCC, notre programme de huit mois offre un nouveau parcours vers l&#8217;obtention du permis d&#8217;exercer pour les DFE vers l&#8217;ECOS* virtuel.<\/p>\n<p>Ce programme n&#8217;est ni un cours de pr\u00e9paration aux examens ni un programme de recertification. Il s&#8217;agit plut\u00f4t d&#8217;un programme de huit mois qui s&#8217;appuie sur vos comp\u00e9tences existantes et comble les lacunes requises pour exercer au Canada. En choisissant cette voie, vous pouvez r\u00e9duire le temps n\u00e9cessaire \u00e0 l&#8217;obtention de votre licence par rapport \u00e0 un programme traditionnel de recertification** de deux \u00e0 trois ans, tout en continuant \u00e0 b\u00e9n\u00e9ficier de la formation dispens\u00e9e par les experts universitaires en la mati\u00e8re.<\/p>\n<table class=\"costs\">\n<tbody>\n<tr>\n<td><\/td>\n<td style=\"text-align: center;\"><strong>FPPDC<\/strong><\/td>\n<td style=\"text-align: center;\"><strong>Programmes de qualification ou d\u2019obtention de dipl\u00f4me*<\/strong><\/td>\n<td style=\"text-align: center;\"><strong>Programmes de pr\u00e9paration aux examens<\/strong><\/td>\n<\/tr>\n<tr>\n<td><strong>Dipl\u00f4me DDS\/DMD<\/strong><\/td>\n<td style=\"text-align: center;\">Non<\/td>\n<td style=\"text-align: center;\">Oui<\/td>\n<td style=\"text-align: center;\">Non<\/td>\n<\/tr>\n<tr>\n<td><strong>Formation clinique<\/strong><\/td>\n<td style=\"text-align: center;\">Oui<\/td>\n<td style=\"text-align: center;\">\u00c9tendu<\/td>\n<td style=\"text-align: center;\">Non<\/td>\n<\/tr>\n<tr>\n<td><strong>Pr\u00e9paration \u00e0 la pratique au Canada<\/strong><\/td>\n<td style=\"text-align: center;\">Oui<\/td>\n<td style=\"text-align: center;\">Oui<\/td>\n<td style=\"text-align: center;\">Non<\/td>\n<\/tr>\n<tr>\n<td><strong>N\u00e9cessit\u00e9 de passer l\u2019EDNCC<\/strong><\/td>\n<td style=\"text-align: center;\">Non*<\/td>\n<td style=\"text-align: center;\">Non<\/td>\n<td style=\"text-align: center;\">Oui<\/td>\n<\/tr>\n<tr>\n<td><strong>Co\u00fbt<\/strong><\/td>\n<td style=\"text-align: center;\">$$<\/td>\n<td style=\"text-align: center;\">$$$<\/td>\n<td style=\"text-align: center;\">$$<\/td>\n<\/tr>\n<tr>\n<td><strong>Dur\u00e9e<\/strong><\/td>\n<td style=\"text-align: center;\">8 mois<\/td>\n<td style=\"text-align: center;\">2 \u00e0 3 ans<\/td>\n<td style=\"text-align: center;\">Variable<\/td>\n<\/tr>\n<\/tbody>\n<\/table>\n[\/vc_column_text][image_with_animation image_url=&#8221;551&#8243; image_size=&#8221;full&#8221; max_width=&#8221;100%&#8221; max_width_mobile=&#8221;default&#8221; animation_type=&#8221;entrance&#8221; animation=&#8221;None&#8221; animation_movement_type=&#8221;transform_y&#8221; hover_animation=&#8221;none&#8221; constrain_group_1=&#8221;yes&#8221; alignment=&#8221;&#8221; border_radius=&#8221;none&#8221; box_shadow=&#8221;none&#8221; image_loading=&#8221;default&#8221; margin_top=&#8221;40px&#8221; margin_bottom=&#8221;40px&#8221;][vc_column_text css=&#8221;&#8221; el_class=&#8221;acfd-mice&#8221; text_direction=&#8221;default&#8221;]* Sous r\u00e9serve de l&#8217;obtention du statut d&#8217;accr\u00e9ditation.<br \/>\n** Les autres noms des programmes de recertification de trois ans sont les suivants : programme avanc\u00e9 de doctorat en chirurgie dentaire, programme international de dipl\u00f4me dentaire\/de dentiste, programme avanc\u00e9, programme avanc\u00e9 de DMD pour les dentistes form\u00e9s \u00e0 l&#8217;\u00e9tranger, programme de qualification de doctorat en chirurgie dentaire.[\/vc_column_text][\/vc_column_inner][\/vc_row_inner][vc_row_inner column_margin=&#8221;default&#8221; column_direction=&#8221;default&#8221; column_direction_tablet=&#8221;default&#8221; column_direction_phone=&#8221;default&#8221; text_align=&#8221;left&#8221; row_position=&#8221;default&#8221; row_position_tablet=&#8221;inherit&#8221; row_position_phone=&#8221;inherit&#8221; overflow=&#8221;visible&#8221; pointer_events=&#8221;all&#8221; el_id=&#8221;licensure-after-completion&#8221;][vc_column_inner column_padding=&#8221;no-extra-padding&#8221; column_padding_tablet=&#8221;inherit&#8221; column_padding_phone=&#8221;inherit&#8221; column_padding_position=&#8221;all&#8221; flex_gap_desktop=&#8221;10px&#8221; column_element_direction_desktop=&#8221;default&#8221; column_element_spacing=&#8221;default&#8221; desktop_text_alignment=&#8221;default&#8221; tablet_text_alignment=&#8221;default&#8221; phone_text_alignment=&#8221;default&#8221; background_color_opacity=&#8221;1&#8243; background_hover_color_opacity=&#8221;1&#8243; column_backdrop_filter=&#8221;none&#8221; column_shadow=&#8221;none&#8221; column_border_radius=&#8221;none&#8221; column_link_target=&#8221;_self&#8221; overflow=&#8221;visible&#8221; gradient_direction=&#8221;left_to_right&#8221; overlay_strength=&#8221;0.3&#8243; width=&#8221;1\/1&#8243; tablet_width_inherit=&#8221;default&#8221; animation_type=&#8221;default&#8221; bg_image_animation=&#8221;none&#8221; border_type=&#8221;simple&#8221; column_border_width=&#8221;none&#8221; column_border_style=&#8221;solid&#8221;][divider line_type=&#8221;Full Width Line&#8221; line_thickness=&#8221;1&#8243; divider_color=&#8221;default&#8221; custom_height=&#8221;65px&#8221;][vc_column_text css=&#8221;&#8221; text_direction=&#8221;default&#8221;]\n<h2>Permis d&#8217;exercer apr\u00e8s l&#8217;obtention du dipl\u00f4me<\/h2>\n<p><strong>Parcours simplifi\u00e9 vers l&#8217;obtention du permis d&#8217;exercice<\/strong><br \/>\nLes candidats qui termineront le programme PFPPDC pour la cohorte 2026\u20132027 et les suivantes ne seront plus tenus de passer l&#8217;examen EDNCC. Ils pourront plut\u00f4t passer directement \u00e0 l&#8217;examen ECOS virtuel du Bureau national d&#8217;examen dentaire du Canada (BNED), puis demander un permis d&#8217;exercice de la dentisterie au Canada.[\/vc_column_text][\/vc_column_inner][\/vc_row_inner][vc_row_inner column_margin=&#8221;default&#8221; column_direction=&#8221;default&#8221; column_direction_tablet=&#8221;default&#8221; column_direction_phone=&#8221;default&#8221; text_align=&#8221;left&#8221; row_position=&#8221;default&#8221; row_position_tablet=&#8221;inherit&#8221; row_position_phone=&#8221;inherit&#8221; overflow=&#8221;visible&#8221; pointer_events=&#8221;all&#8221;][vc_column_inner column_padding=&#8221;padding-5-percent&#8221; column_padding_tablet=&#8221;inherit&#8221; column_padding_phone=&#8221;inherit&#8221; column_padding_position=&#8221;all&#8221; flex_gap_desktop=&#8221;10px&#8221; column_element_direction_desktop=&#8221;default&#8221; column_element_spacing=&#8221;default&#8221; desktop_text_alignment=&#8221;default&#8221; tablet_text_alignment=&#8221;default&#8221; phone_text_alignment=&#8221;default&#8221; background_color=&#8221;#704264&#8243; background_color_opacity=&#8221;1&#8243; background_hover_color_opacity=&#8221;1&#8243; column_backdrop_filter=&#8221;none&#8221; column_shadow=&#8221;none&#8221; column_border_radius=&#8221;15px&#8221; column_link_target=&#8221;_self&#8221; overflow=&#8221;visible&#8221; gradient_direction=&#8221;left_to_right&#8221; overlay_strength=&#8221;0.3&#8243; width=&#8221;1\/1&#8243; tablet_width_inherit=&#8221;default&#8221; animation_type=&#8221;default&#8221; bg_image_animation=&#8221;none&#8221; border_type=&#8221;simple&#8221; column_border_width=&#8221;none&#8221; column_border_style=&#8221;solid&#8221; column_padding_type=&#8221;default&#8221; gradient_type=&#8221;default&#8221;][vc_column_text css=&#8221;&#8221; text_direction=&#8221;default&#8221;]\n<h2><span style=\"color: #ffffff;\">Processus d&#8217;admission<\/span><\/h2>\n<p><span style=\"color: #ffffff;\">Vous souhaitez en savoir plus ? Assurez-vous que vous remplissez les conditions d&#8217;admission.<\/span>[\/vc_column_text][nectar_btn size=&#8221;large&#8221; button_style=&#8221;regular&#8221; button_color_2=&#8221;Accent-Color&#8221; color_override=&#8221;#000000&#8243; solid_text_color_override=&#8221;#FFFFFF&#8221; icon_family=&#8221;default_arrow&#8221; text=&#8221;Voir les conditions de candidature&#8221; url=&#8221;https:\/\/acfd.ca\/fr\/programmes-de-formation\/programme-fppdc\/processus-dadmission\/#application-requirements&#8221; aria_label_text=&#8221;Voir les conditions de candidature&#8221;][\/vc_column_inner][\/vc_row_inner][\/vc_column][vc_column column_padding=&#8221;no-extra-padding&#8221; column_padding_tablet=&#8221;inherit&#8221; column_padding_phone=&#8221;inherit&#8221; column_padding_position=&#8221;all&#8221; flex_gap_desktop=&#8221;10px&#8221; column_element_direction_desktop=&#8221;default&#8221; column_element_spacing=&#8221;0px&#8221; desktop_text_alignment=&#8221;default&#8221; tablet_text_alignment=&#8221;default&#8221; phone_text_alignment=&#8221;default&#8221; sticky_content=&#8221;true&#8221; sticky_content_functionality=&#8221;js&#8221; background_color_opacity=&#8221;1&#8243; background_hover_color_opacity=&#8221;1&#8243; column_backdrop_filter=&#8221;none&#8221; column_shadow=&#8221;none&#8221; column_border_radius=&#8221;none&#8221; column_link_target=&#8221;_self&#8221; column_position=&#8221;default&#8221; gradient_direction=&#8221;left_to_right&#8221; overlay_strength=&#8221;0.3&#8243; width=&#8221;1\/3&#8243; tablet_width_inherit=&#8221;default&#8221; animation_type=&#8221;default&#8221; bg_image_animation=&#8221;none&#8221; border_type=&#8221;simple&#8221; column_border_width=&#8221;none&#8221; column_border_style=&#8221;solid&#8221; column_padding_type=&#8221;default&#8221; gradient_type=&#8221;default&#8221;][nectar_global_section id=&#8221;467&#8243;][\/vc_column][\/vc_row]\n","protected":false},"excerpt":{"rendered":"<p>[vc_row type=&#8221;in_container&#8221; full_screen_row_position=&#8221;middle&#8221; column_margin=&#8221;default&#8221; column_direction=&#8221;default&#8221; column_direction_tablet=&#8221;default&#8221; column_direction_phone=&#8221;default&#8221; scene_position=&#8221;center&#8221; top_padding=&#8221;0&#8243; bottom_padding=&#8221;0&#8243; top_padding_tablet=&#8221;0&#8243; bottom_padding_tablet=&#8221;0&#8243; top_padding_phone=&#8221;0&#8243; bottom_padding_phone=&#8221;0&#8243; top_margin=&#8221;0&#8243; bottom_margin=&#8221;0&#8243; top_margin_tablet=&#8221;0&#8243; bottom_margin_tablet=&#8221;0&#8243; top_margin_phone=&#8221;0&#8243; bottom_margin_phone=&#8221;0&#8243; text_color=&#8221;dark&#8221; text_align=&#8221;left&#8221; row_border_radius=&#8221;none&#8221; row_border_radius_applies=&#8221;bg&#8221; row_position_desktop=&#8221;default&#8221; row_position_tablet=&#8221;inherit&#8221; row_position_phone=&#8221;inherit&#8221; overflow=&#8221;visible&#8221; overlay_strength=&#8221;0.3&#8243; gradient_direction=&#8221;left_to_right&#8221; shape_divider_position=&#8221;bottom&#8221; bg_image_animation=&#8221;none&#8221; gradient_type=&#8221;default&#8221; shape_type=&#8221;&#8221;][vc_column column_padding=&#8221;no-extra-padding&#8221; column_padding_tablet=&#8221;inherit&#8221; column_padding_phone=&#8221;inherit&#8221; column_padding_position=&#8221;all&#8221; top_margin=&#8221;0&#8243; bottom_margin=&#8221;0&#8243; left_margin=&#8221;0&#8243; right_margin=&#8221;0&#8243; top_margin_tablet=&#8221;0&#8243; bottom_margin_tablet=&#8221;0&#8243; left_margin_tablet=&#8221;0&#8243; right_margin_tablet=&#8221;0&#8243; top_margin_phone=&#8221;0&#8243; bottom_margin_phone=&#8221;0&#8243; left_margin_phone=&#8221;0&#8243; right_margin_phone=&#8221;0&#8243; flex_gap_desktop=&#8221;10px&#8221; column_element_direction_desktop=&#8221;default&#8221; column_element_spacing=&#8221;0px&#8221; desktop_text_alignment=&#8221;default&#8221; tablet_text_alignment=&#8221;default&#8221; phone_text_alignment=&#8221;default&#8221; background_color_opacity=&#8221;1&#8243; background_hover_color_opacity=&#8221;1&#8243; column_backdrop_filter=&#8221;none&#8221; column_shadow=&#8221;none&#8221; column_border_radius=&#8221;none&#8221; column_link_target=&#8221;_self&#8221; column_position=&#8221;default&#8221; gradient_direction=&#8221;left_to_right&#8221; overlay_strength=&#8221;0.3&#8243; width=&#8221;1\/1&#8243; tablet_width_inherit=&#8221;default&#8221; animation_type=&#8221;default&#8221; bg_image_animation=&#8221;none&#8221; border_type=&#8221;simple&#8221; column_border_width=&#8221;none&#8221; column_border_style=&#8221;solid&#8221; column_padding_type=&#8221;default&#8221; gradient_type=&#8221;default&#8221;][image_with_animation image_url=&#8221;79&#8243; image_size=&#8221;full&#8221; max_width=&#8221;100%&#8221; max_width_mobile=&#8221;default&#8221; animation_type=&#8221;entrance&#8221; animation=&#8221;None&#8221; animation_movement_type=&#8221;transform_y&#8221; hover_animation=&#8221;none&#8221; constrain_group_3=&#8221;yes&#8221; constrain_group_4=&#8221;yes&#8221; constrain_group_5=&#8221;yes&#8221; constrain_group_6=&#8221;yes&#8221; alignment=&#8221;center&#8221; border_radius=&#8221;none&#8221; box_shadow=&#8221;none&#8221; image_loading=&#8221;default&#8221; margin_top=&#8221;0&#8243; margin_bottom=&#8221;0&#8243; margin_left=&#8221;0&#8243; margin_right=&#8221;0&#8243; margin_top_tablet=&#8221;0&#8243; margin_bottom_tablet=&#8221;0&#8243; margin_left_tablet=&#8221;0&#8243; margin_right_tablet=&#8221;0&#8243; margin_top_phone=&#8221;0&#8243; margin_bottom_phone=&#8221;0&#8243;&#8230;<\/p>\n","protected":false},"author":2,"featured_media":0,"parent":0,"menu_order":0,"comment_status":"closed","ping_status":"closed","template":"","meta":{"footnotes":""},"class_list":["post-500","page","type-page","status-publish"],"yoast_head":"<!-- This site is optimized with the Yoast SEO plugin v27.4 - https:\/\/yoast.com\/product\/yoast-seo-wordpress\/ -->\n<title>\u00c0 propos du programme la Formation passerelle vers la pratique dentaire au Canada - ACFD<\/title>\n<meta name=\"description\" content=\"La Formation passerelle vers la pratique dentaire au Canada\/FPPDC, propos\u00e9 par l&#039;AFDC, a \u00e9t\u00e9 con\u00e7u pour \u00e9valuer et former les dentistes form\u00e9s \u00e0 l&#039;\u00e9tranger \u00e0 l&#039;exercice de leur profession au Canada.\" \/>\n<meta name=\"robots\" content=\"index, follow, max-snippet:-1, max-image-preview:large, max-video-preview:-1\" \/>\n<link rel=\"canonical\" href=\"https:\/\/acfd.ca\/fr\/formation-passerelle-vers-la-pratique-dentaire-au-canada\/\" \/>\n<meta property=\"og:locale\" content=\"fr_FR\" \/>\n<meta property=\"og:type\" content=\"article\" \/>\n<meta property=\"og:title\" content=\"\u00c0 propos du programme la Formation passerelle vers la pratique dentaire au Canada - ACFD\" \/>\n<meta property=\"og:description\" content=\"La Formation passerelle vers la pratique dentaire au Canada\/FPPDC, propos\u00e9 par l&#039;AFDC, a \u00e9t\u00e9 con\u00e7u pour \u00e9valuer et former les dentistes form\u00e9s \u00e0 l&#039;\u00e9tranger \u00e0 l&#039;exercice de leur profession au Canada.\" \/>\n<meta property=\"og:url\" content=\"https:\/\/acfd.ca\/fr\/formation-passerelle-vers-la-pratique-dentaire-au-canada\/\" \/>\n<meta property=\"og:site_name\" content=\"ACFD\" \/>\n<meta property=\"article:modified_time\" content=\"2026-03-02T05:32:54+00:00\" \/>\n<meta name=\"twitter:card\" content=\"summary_large_image\" \/>\n<meta name=\"twitter:label1\" content=\"Est. reading time\" \/>\n\t<meta name=\"twitter:data1\" content=\"5 minutes\" \/>\n<script type=\"application\/ld+json\" class=\"yoast-schema-graph\">{\"@context\":\"https:\\\/\\\/schema.org\",\"@graph\":[{\"@type\":\"WebPage\",\"@id\":\"https:\\\/\\\/acfd.ca\\\/fr\\\/formation-passerelle-vers-la-pratique-dentaire-au-canada\\\/\",\"url\":\"https:\\\/\\\/acfd.ca\\\/fr\\\/formation-passerelle-vers-la-pratique-dentaire-au-canada\\\/\",\"name\":\"\u00c0 propos du programme la Formation passerelle vers la pratique dentaire au Canada - ACFD\",\"isPartOf\":{\"@id\":\"https:\\\/\\\/acfd.ca\\\/fr\\\/#website\"},\"datePublished\":\"2025-12-05T23:41:02+00:00\",\"dateModified\":\"2026-03-02T05:32:54+00:00\",\"description\":\"La Formation passerelle vers la pratique dentaire au Canada\\\/FPPDC, propos\u00e9 par l'AFDC, a \u00e9t\u00e9 con\u00e7u pour \u00e9valuer et former les dentistes form\u00e9s \u00e0 l'\u00e9tranger \u00e0 l'exercice de leur profession au Canada.\",\"breadcrumb\":{\"@id\":\"https:\\\/\\\/acfd.ca\\\/fr\\\/formation-passerelle-vers-la-pratique-dentaire-au-canada\\\/#breadcrumb\"},\"inLanguage\":\"fr-FR\",\"potentialAction\":[{\"@type\":\"ReadAction\",\"target\":[\"https:\\\/\\\/acfd.ca\\\/fr\\\/formation-passerelle-vers-la-pratique-dentaire-au-canada\\\/\"]}]},{\"@type\":\"BreadcrumbList\",\"@id\":\"https:\\\/\\\/acfd.ca\\\/fr\\\/formation-passerelle-vers-la-pratique-dentaire-au-canada\\\/#breadcrumb\",\"itemListElement\":[{\"@type\":\"ListItem\",\"position\":1,\"name\":\"Home\",\"item\":\"https:\\\/\\\/acfd.ca\\\/fr\\\/accueil\\\/\"},{\"@type\":\"ListItem\",\"position\":2,\"name\":\"Formation passerelle vers la pratique dentaire au Canada\"}]},{\"@type\":\"WebSite\",\"@id\":\"https:\\\/\\\/acfd.ca\\\/fr\\\/#website\",\"url\":\"https:\\\/\\\/acfd.ca\\\/fr\\\/\",\"name\":\"ACFD\",\"description\":\"Association of Canadian Faculties of Dentistry\",\"publisher\":{\"@id\":\"https:\\\/\\\/acfd.ca\\\/fr\\\/#organization\"},\"potentialAction\":[{\"@type\":\"SearchAction\",\"target\":{\"@type\":\"EntryPoint\",\"urlTemplate\":\"https:\\\/\\\/acfd.ca\\\/fr\\\/?s={search_term_string}\"},\"query-input\":{\"@type\":\"PropertyValueSpecification\",\"valueRequired\":true,\"valueName\":\"search_term_string\"}}],\"inLanguage\":\"fr-FR\"},{\"@type\":\"Organization\",\"@id\":\"https:\\\/\\\/acfd.ca\\\/fr\\\/#organization\",\"name\":\"Association of Canadian Faculties of Dentistry\",\"url\":\"https:\\\/\\\/acfd.ca\\\/fr\\\/\",\"logo\":{\"@type\":\"ImageObject\",\"inLanguage\":\"fr-FR\",\"@id\":\"https:\\\/\\\/acfd.ca\\\/fr\\\/#\\\/schema\\\/logo\\\/image\\\/\",\"url\":\"https:\\\/\\\/acfd.ca\\\/wp-content\\\/uploads\\\/ACFD-Logo-E-2x.png\",\"contentUrl\":\"https:\\\/\\\/acfd.ca\\\/wp-content\\\/uploads\\\/ACFD-Logo-E-2x.png\",\"width\":570,\"height\":160,\"caption\":\"Association of Canadian Faculties of Dentistry\"},\"image\":{\"@id\":\"https:\\\/\\\/acfd.ca\\\/fr\\\/#\\\/schema\\\/logo\\\/image\\\/\"}}]}<\/script>\n<!-- \/ Yoast SEO plugin. -->","yoast_head_json":{"title":"\u00c0 propos du programme la Formation passerelle vers la pratique dentaire au Canada - ACFD","description":"La Formation passerelle vers la pratique dentaire au Canada\/FPPDC, propos\u00e9 par l'AFDC, a \u00e9t\u00e9 con\u00e7u pour \u00e9valuer et former les dentistes form\u00e9s \u00e0 l'\u00e9tranger \u00e0 l'exercice de leur profession au Canada.","robots":{"index":"index","follow":"follow","max-snippet":"max-snippet:-1","max-image-preview":"max-image-preview:large","max-video-preview":"max-video-preview:-1"},"canonical":"https:\/\/acfd.ca\/fr\/formation-passerelle-vers-la-pratique-dentaire-au-canada\/","og_locale":"fr_FR","og_type":"article","og_title":"\u00c0 propos du programme la Formation passerelle vers la pratique dentaire au Canada - ACFD","og_description":"La Formation passerelle vers la pratique dentaire au Canada\/FPPDC, propos\u00e9 par l'AFDC, a \u00e9t\u00e9 con\u00e7u pour \u00e9valuer et former les dentistes form\u00e9s \u00e0 l'\u00e9tranger \u00e0 l'exercice de leur profession au Canada.","og_url":"https:\/\/acfd.ca\/fr\/formation-passerelle-vers-la-pratique-dentaire-au-canada\/","og_site_name":"ACFD","article_modified_time":"2026-03-02T05:32:54+00:00","twitter_card":"summary_large_image","twitter_misc":{"Est. reading time":"5 minutes"},"schema":{"@context":"https:\/\/schema.org","@graph":[{"@type":"WebPage","@id":"https:\/\/acfd.ca\/fr\/formation-passerelle-vers-la-pratique-dentaire-au-canada\/","url":"https:\/\/acfd.ca\/fr\/formation-passerelle-vers-la-pratique-dentaire-au-canada\/","name":"\u00c0 propos du programme la Formation passerelle vers la pratique dentaire au Canada - ACFD","isPartOf":{"@id":"https:\/\/acfd.ca\/fr\/#website"},"datePublished":"2025-12-05T23:41:02+00:00","dateModified":"2026-03-02T05:32:54+00:00","description":"La Formation passerelle vers la pratique dentaire au Canada\/FPPDC, propos\u00e9 par l'AFDC, a \u00e9t\u00e9 con\u00e7u pour \u00e9valuer et former les dentistes form\u00e9s \u00e0 l'\u00e9tranger \u00e0 l'exercice de leur profession au Canada.","breadcrumb":{"@id":"https:\/\/acfd.ca\/fr\/formation-passerelle-vers-la-pratique-dentaire-au-canada\/#breadcrumb"},"inLanguage":"fr-FR","potentialAction":[{"@type":"ReadAction","target":["https:\/\/acfd.ca\/fr\/formation-passerelle-vers-la-pratique-dentaire-au-canada\/"]}]},{"@type":"BreadcrumbList","@id":"https:\/\/acfd.ca\/fr\/formation-passerelle-vers-la-pratique-dentaire-au-canada\/#breadcrumb","itemListElement":[{"@type":"ListItem","position":1,"name":"Home","item":"https:\/\/acfd.ca\/fr\/accueil\/"},{"@type":"ListItem","position":2,"name":"Formation passerelle vers la pratique dentaire au Canada"}]},{"@type":"WebSite","@id":"https:\/\/acfd.ca\/fr\/#website","url":"https:\/\/acfd.ca\/fr\/","name":"ACFD","description":"Association of Canadian Faculties of Dentistry","publisher":{"@id":"https:\/\/acfd.ca\/fr\/#organization"},"potentialAction":[{"@type":"SearchAction","target":{"@type":"EntryPoint","urlTemplate":"https:\/\/acfd.ca\/fr\/?s={search_term_string}"},"query-input":{"@type":"PropertyValueSpecification","valueRequired":true,"valueName":"search_term_string"}}],"inLanguage":"fr-FR"},{"@type":"Organization","@id":"https:\/\/acfd.ca\/fr\/#organization","name":"Association of Canadian Faculties of Dentistry","url":"https:\/\/acfd.ca\/fr\/","logo":{"@type":"ImageObject","inLanguage":"fr-FR","@id":"https:\/\/acfd.ca\/fr\/#\/schema\/logo\/image\/","url":"https:\/\/acfd.ca\/wp-content\/uploads\/ACFD-Logo-E-2x.png","contentUrl":"https:\/\/acfd.ca\/wp-content\/uploads\/ACFD-Logo-E-2x.png","width":570,"height":160,"caption":"Association of Canadian Faculties of Dentistry"},"image":{"@id":"https:\/\/acfd.ca\/fr\/#\/schema\/logo\/image\/"}}]}},"_links":{"self":[{"href":"https:\/\/acfd.ca\/fr\/wp-json\/wp\/v2\/pages\/500","targetHints":{"allow":["GET"]}}],"collection":[{"href":"https:\/\/acfd.ca\/fr\/wp-json\/wp\/v2\/pages"}],"about":[{"href":"https:\/\/acfd.ca\/fr\/wp-json\/wp\/v2\/types\/page"}],"author":[{"embeddable":true,"href":"https:\/\/acfd.ca\/fr\/wp-json\/wp\/v2\/users\/2"}],"replies":[{"embeddable":true,"href":"https:\/\/acfd.ca\/fr\/wp-json\/wp\/v2\/comments?post=500"}],"version-history":[{"count":0,"href":"https:\/\/acfd.ca\/fr\/wp-json\/wp\/v2\/pages\/500\/revisions"}],"wp:attachment":[{"href":"https:\/\/acfd.ca\/fr\/wp-json\/wp\/v2\/media?parent=500"}],"curies":[{"name":"wp","href":"https:\/\/api.w.org\/{rel}","templated":true}]}}